{"id":202,"date":"2024-11-18T13:30:35","date_gmt":"2024-11-18T12:30:35","guid":{"rendered":"https:\/\/rejtettenunk.hu\/?page_id=202"},"modified":"2024-11-18T13:31:29","modified_gmt":"2024-11-18T12:31:29","slug":"onismereti-orak","status":"publish","type":"page","link":"https:\/\/rejtettenunk.hu\/?page_id=202","title":{"rendered":"\u00d6nismereti \u00f3r\u00e1k"},"content":{"rendered":"\n<p>Szeretn\u00e9d jobban meg\u00e9rteni saj\u00e1t \u00e9rz\u00e9seidet, gondolataidat \u00e9s viselked\u00e9sedet? <\/p>\n\n\n\n<p>Az \u00f6nismereti \u00f3r\u00e1k olyan t\u00e1mogat\u00f3 t\u00e9rk\u00e9nt szolg\u00e1lnak, ahol biztons\u00e1gos k\u00f6rnyezetben foglalkozhatsz a bels\u0151 vil\u00e1goddal. Ezek az alkalmak lehet\u0151s\u00e9get ny\u00fajtanak arra, hogy m\u00e9lyebben meg\u00e9rtsd \u00f6nmagad, felt\u00e1rd rejtett er\u0151forr\u00e1saidat, \u00e9s tudatosabban kezeld az \u00e9leted kih\u00edv\u00e1sait.<\/p>\n\n\n\n<p>Az \u00f6nismeret az egyik leg\u00e9rt\u00e9kesebb eszk\u00f6z, amely seg\u00edt jobban r\u00e1l\u00e1tni arra, ki is vagy val\u00f3j\u00e1ban, milyen mint\u00e1k vez\u00e9relnek, \u00e9s hogyan kapcsol\u00f3dsz m\u00e1sokhoz. <\/p>\n\n\n\n<p>Miben tudok neked seg\u00edteni? <\/p>\n\n\n\n<ul class=\"wp-block-list\">\n<li>Felismerni bels\u0151 \u00e9rt\u00e9keidet \u00e9s er\u0151ss\u00e9geidet,<\/li>\n\n\n\n<li>Meg\u00e9rteni az \u00e9rzelmeidet \u00e9s azok hat\u00e1s\u00e1t a mindennapokra,<\/li>\n\n\n\n<li>\u00c1tl\u00e1tni a visszat\u00e9r\u0151 probl\u00e9m\u00e1k gy\u00f6kereit,<\/li>\n\n\n\n<li>T\u00e1mogat\u00e1st tal\u00e1lni a v\u00e1ltoz\u00e1sokhoz \u00e9s fejl\u0151d\u00e9shez.<\/li>\n\n\n\n<li>K\u00fcl\u00f6nb\u00f6z\u0151 \u00f6nismereti m\u00f3dszerek megismer\u00e9se<\/li>\n<\/ul>\n\n\n\n<p>Ezek az alkalmak k\u00fcl\u00f6n\u00f6sen azoknak sz\u00f3lnak, akik:<\/p>\n\n\n\n<ul class=\"wp-block-list\">\n<li>Nyitottak az \u00f6nreflexi\u00f3ra \u00e9s a szem\u00e9lyes fejl\u0151d\u00e9sre,<\/li>\n\n\n\n<li>Szeretn\u00e9k jobban meg\u00e9rteni az \u00e9let\u00fck jelenlegi szakasz\u00e1t<\/li>\n\n\n\n<li>Sz\u00fcks\u00e9g\u00e9t \u00e9rzik egy t\u00e1mogat\u00f3, \u00edt\u00e9lkez\u00e9smentes, \u0151szinte k\u00f6zegnek.<\/li>\n<\/ul>\n\n\n\n<p>Az \u00f6nismereti \u00f3r\u00e1k folyamata egyedi \u00e9s szem\u00e9lyre szabott, \u00edgy a r\u00e9sztvev\u0151 ig\u00e9nyeihez \u00e9s temp\u00f3j\u00e1hoz igazodik. A c\u00e9l nem csup\u00e1n a probl\u00e9m\u00e1k megold\u00e1sa, hanem egy m\u00e9lyebb, tudatosabb \u00e9letm\u00f3d kialak\u00edt\u00e1sa, amely hossz\u00fa t\u00e1von is t\u00e1mogatja a r\u00e9sztvev\u0151t.<\/p>\n\n\n\n<p>Ha k\u00e9szen \u00e1llsz arra, hogy szemben\u00e9zz \u00f6nmagaddal, \u00e9s m\u00e9lyebb kapcsolatot alak\u00edts ki a bels\u0151 \u00e9neddel, az \u00f6nismereti \u00f3r\u00e1k megfelel\u0151 eszk\u00f6zt adhatnak ehhez az \u00fathoz.<\/p>\n\n\n\n<div style=\"height:30px\" aria-hidden=\"true\" class=\"wp-block-spacer\"><\/div>\n\n\n\n<p>10.000 Ft\/ alkalom (60 perc)<\/p>\n\n\n\n<p>A konzult\u00e1ci\u00f3 online t\u00f6rt\u00e9nik!<\/p>\n","protected":false},"excerpt":{"rendered":"<p>Szeretn\u00e9d jobban meg\u00e9rteni saj\u00e1t \u00e9rz\u00e9seidet, gondolataidat \u00e9s viselked\u00e9sedet? Az \u00f6nismereti \u00f3r\u00e1k olyan t\u00e1mogat\u00f3 t\u00e9rk\u00e9nt szolg\u00e1lnak, ahol biztons\u00e1gos k\u00f6rnyezetben foglalkozhatsz a bels\u0151 vil\u00e1goddal. Ezek az alkalmak lehet\u0151s\u00e9get ny\u00fajtanak arra, hogy m\u00e9lyebben meg\u00e9rtsd \u00f6nmagad, felt\u00e1rd rejtett er\u0151forr\u00e1saidat, \u00e9s tudatosabban kezeld az \u00e9leted kih\u00edv\u00e1sait. Az \u00f6nismeret az egyik leg\u00e9rt\u00e9kesebb eszk\u00f6z, amely seg\u00edt jobban r\u00e1l\u00e1tni arra, ki is vagy val\u00f3j\u00e1ban, milyen mint\u00e1k vez\u00e9relnek, \u00e9s hogyan kapcsol\u00f3dsz m\u00e1sokhoz. Miben tudok neked seg\u00edteni? Ezek az alkalmak k\u00fcl\u00f6n\u00f6sen azoknak sz\u00f3lnak, akik: Az \u00f6nismereti \u00f3r\u00e1k folyamata egyedi \u00e9s szem\u00e9lyre szabott, \u00edgy a r\u00e9sztvev\u0151 ig\u00e9nyeihez \u00e9s temp\u00f3j\u00e1hoz igazodik. A c\u00e9l nem csup\u00e1n a probl\u00e9m\u00e1k megold\u00e1sa, hanem egy m\u00e9lyebb, tudatosabb \u00e9letm\u00f3d kialak\u00edt\u00e1sa, amely hossz\u00fa t\u00e1von is t\u00e1mogatja a r\u00e9sztvev\u0151t. Ha k\u00e9szen \u00e1llsz arra, hogy szemben\u00e9zz \u00f6nmagaddal, \u00e9s m\u00e9lyebb kapcsolatot alak\u00edts ki a bels\u0151 \u00e9neddel, az \u00f6nismereti \u00f3r\u00e1k megfelel\u0151 eszk\u00f6zt adhatnak ehhez az \u00fathoz. 10.000 Ft\/ alkalom (60 perc) A konzult\u00e1ci\u00f3 online t\u00f6rt\u00e9nik!<\/p>\n","protected":false},"author":1,"featured_media":0,"parent":0,"menu_order":0,"comment_status":"closed","ping_status":"closed","template":"","meta":{"_monsterinsights_skip_tracking":false,"_monsterinsights_sitenote_active":false,"_monsterinsights_sitenote_note":"","_monsterinsights_sitenote_category":0,"footnotes":""},"class_list":["post-202","page","type-page","status-publish","hentry"],"aioseo_notices":[],"_links":{"self":[{"href":"https:\/\/rejtettenunk.hu\/index.php?rest_route=\/wp\/v2\/pages\/202","targetHints":{"allow":["GET"]}}],"collection":[{"href":"https:\/\/rejtettenunk.hu\/index.php?rest_route=\/wp\/v2\/pages"}],"about":[{"href":"https:\/\/rejtettenunk.hu\/index.php?rest_route=\/wp\/v2\/types\/page"}],"author":[{"embeddable":true,"href":"https:\/\/rejtettenunk.hu\/index.php?rest_route=\/wp\/v2\/users\/1"}],"replies":[{"embeddable":true,"href":"https:\/\/rejtettenunk.hu\/index.php?rest_route=%2Fwp%2Fv2%2Fcomments&post=202"}],"version-history":[{"count":2,"href":"https:\/\/rejtettenunk.hu\/index.php?rest_route=\/wp\/v2\/pages\/202\/revisions"}],"predecessor-version":[{"id":205,"href":"https:\/\/rejtettenunk.hu\/index.php?rest_route=\/wp\/v2\/pages\/202\/revisions\/205"}],"wp:attachment":[{"href":"https:\/\/rejtettenunk.hu\/index.php?rest_route=%2Fwp%2Fv2%2Fmedia&parent=202"}],"curies":[{"name":"wp","href":"https:\/\/api.w.org\/{rel}","templated":true}]}}